{"id":26,"date":"2016-10-10T14:43:20","date_gmt":"2016-10-10T12:43:20","guid":{"rendered":"http:\/\/sonnenschein-wertingen.de\/?page_id=26"},"modified":"2018-11-23T09:23:25","modified_gmt":"2018-11-23T08:23:25","slug":"galerie","status":"publish","type":"page","link":"https:\/\/sonnenschein-wertingen.de\/?page_id=26","title":{"rendered":"Impressum"},"content":{"rendered":"\t\t<div data-elementor-type=\"wp-post\" data-elementor-id=\"26\" class=\"elementor elementor-26 elementor-bc-flex-widget\">\n\t\t\t\t\t\t<div class=\"elementor-inner\">\n\t\t\t\t<div class=\"elementor-section-wrap\">\n\t\t\t\t\t\t\t\t\t<section class=\"elementor-section elementor-top-section elementor-element elementor-element-4848266b elementor-section-boxed elementor-section-height-default elementor-section-height-default\" data-id=\"4848266b\" data-element_type=\"section\">\n\t\t\t\t\t\t<div class=\"elementor-container elementor-column-gap-default\">\n\t\t\t\t\t\t\t<div class=\"elementor-row\">\n\t\t\t\t\t<div class=\"elementor-column elementor-col-100 elementor-top-column elementor-element elementor-element-407276fe\" data-id=\"407276fe\" data-element_type=\"column\">\n\t\t\t<div class=\"elementor-column-wrap elementor-element-populated\">\n\t\t\t\t\t\t\t<div class=\"elementor-widget-wrap\">\n\t\t\t\t\t\t<div class=\"elementor-element elementor-element-520dc465 elementor-widget elementor-widget-text-editor\" data-id=\"520dc465\" data-element_type=\"widget\" data-widget_type=\"text-editor.default\">\n\t\t\t\t<div class=\"elementor-widget-container\">\n\t\t\t\t\t\t\t\t<div class=\"elementor-text-editor elementor-clearfix\">\n\t\t\t\t<p style=\"margin-bottom: 10px; color: #333333; font-family: arial, helvetica, sans-serif; font-size: 12.8128px; font-style: normal; font-weight: 400;\"><strong>Angaben gem\u00e4\u00df \u00a7 5 TMG:<\/strong><\/p><p style=\"margin-bottom: 10px; color: #333333; font-family: arial, helvetica, sans-serif; font-size: 12.8128px; font-style: normal; font-weight: 400;\">Stadt Wertingen<\/p><p style=\"margin-bottom: 10px; color: #333333; font-family: arial, helvetica, sans-serif; font-size: 12.8128px; font-style: normal; font-weight: 400;\">Schulstr. 12<\/p><p style=\"margin-bottom: 10px; color: #333333; font-family: arial, helvetica, sans-serif; font-size: 12.8128px; font-style: normal; font-weight: 400;\">86637 Wertingen<\/p><p style=\"margin-bottom: 10px; color: #333333; font-family: arial, helvetica, sans-serif; font-size: 12.8128px; font-style: normal; font-weight: 400;\"><strong>\u00a0<\/strong><\/p><p style=\"margin-bottom: 10px; color: #333333; font-family: arial, helvetica, sans-serif; font-size: 12.8128px; font-style: normal; font-weight: 400;\"><strong>Vertreten durch:<\/strong><\/p><p style=\"margin-bottom: 10px; color: #333333; font-family: arial, helvetica, sans-serif; font-size: 12.8128px; font-style: normal; font-weight: 400;\">1. B\u00fcrgermeister Willy Lehmeier<\/p><p style=\"margin-bottom: 10px; color: #333333; font-family: arial, helvetica, sans-serif; font-size: 12.8128px; font-style: normal; font-weight: 400;\"><strong>\u00a0<\/strong><\/p><p style=\"margin-bottom: 10px; color: #333333; font-family: arial, helvetica, sans-serif; font-size: 12.8128px; font-style: normal; font-weight: 400;\"><strong>Kontakt:<\/strong><\/p><p style=\"margin-bottom: 10px; color: #333333; font-family: arial, helvetica, sans-serif; font-size: 12.8128px; font-style: normal; font-weight: 400;\">Telefon: 08272 \/ 84 0<\/p><p style=\"margin-bottom: 10px; color: #333333; font-family: arial, helvetica, sans-serif; font-size: 12.8128px; font-style: normal; font-weight: 400;\">Telefax: 08272 \/ 84 469<\/p><p style=\"margin-bottom: 10px; color: #333333; font-family: arial, helvetica, sans-serif; font-size: 12.8128px; font-style: normal; font-weight: 400;\">E-Mail:\u00a0<span id=\"cloak3595d03d57a62004d59252d7a360161c\"><a style=\"color: #000000; text-decoration-line: underline;\" href=\"mailto:poststelle@vg-wertingen.de\">poststelle@vg-wertingen.de<\/a><\/span><\/p><p style=\"margin-bottom: 10px; color: #333333; font-family: arial, helvetica, sans-serif; font-size: 12.8128px; font-style: normal; font-weight: 400;\"><strong>\u00a0<\/strong><\/p><p style=\"margin-bottom: 10px; color: #333333; font-family: arial, helvetica, sans-serif; font-size: 12.8128px; font-style: normal; font-weight: 400;\"><strong>Zust\u00e4ndige Aufsichtsbeh\u00f6rde:<\/strong><\/p><p style=\"margin-bottom: 10px; color: #333333; font-family: arial, helvetica, sans-serif; font-size: 12.8128px; font-style: normal; font-weight: 400;\">Landratsamt Dillingen a.d. Donau<\/p><p style=\"margin-bottom: 10px; color: #333333; font-family: arial, helvetica, sans-serif; font-size: 12.8128px; font-style: normal; font-weight: 400;\">Gro\u00dfe Allee 24<\/p><p style=\"margin-bottom: 10px; color: #333333; font-family: arial, helvetica, sans-serif; font-size: 12.8128px; font-style: normal; font-weight: 400;\">89407 Dillingen a.d. Donau<\/p><p style=\"margin-bottom: 10px; color: #333333; font-family: arial, helvetica, sans-serif; font-size: 12.8128px; font-style: normal; font-weight: 400;\">https:\/\/www.landkreis-dillingen.de\/<\/p><p style=\"margin-bottom: 10px; color: #333333; font-family: arial, helvetica, sans-serif; font-size: 12.8128px; font-style: normal; font-weight: 400;\"><strong>\u00a0<\/strong><strong>\u00a0<\/strong><\/p><p style=\"margin-bottom: 10px; color: #333333; font-family: arial, helvetica, sans-serif; font-size: 12.8128px; font-style: normal; font-weight: 400;\"><strong>Verantwortlich f\u00fcr den Inhalt nach \u00a7 55 Abs. 2 RStV:<\/strong><\/p><p style=\"margin-bottom: 10px; color: #333333; font-family: arial, helvetica, sans-serif; font-size: 12.8128px; font-style: normal; font-weight: 400;\">1. B\u00fcrgermeister Willy Lehmeier<\/p><p style=\"margin-bottom: 10px; color: #333333; font-family: arial, helvetica, sans-serif; font-size: 12.8128px; font-style: normal; font-weight: 400;\">Schulstr. 12<\/p><p style=\"margin-bottom: 10px; color: #333333; font-family: arial, helvetica, sans-serif; font-size: 12.8128px; font-style: normal; font-weight: 400;\">86637 Wertingen<\/p><p style=\"margin-bottom: 10px; color: #333333; font-family: arial, helvetica, sans-serif; font-size: 12.8128px; font-style: normal; font-weight: 400;\"><strong>\u00a0<\/strong><strong>\u00a0<\/strong><\/p><p style=\"margin-bottom: 10px; color: #333333; font-family: arial, helvetica, sans-serif; font-size: 12.8128px; font-style: normal; font-weight: 400;\"><strong>Streitschlichtung<\/strong><\/p><p style=\"margin-bottom: 10px; color: #333333; font-family: arial, helvetica, sans-serif; font-size: 12.8128px; font-style: normal; font-weight: 400;\">Wir sind nicht bereit oder verpflichtet, an Streitbeilegungsverfahren vor einer<\/p><p style=\"margin-bottom: 10px; color: #333333; font-family: arial, helvetica, sans-serif; font-size: 12.8128px; font-style: normal; font-weight: 400;\">Verbraucherschlichtungsstelle teilzunehmen.<\/p><p style=\"margin-bottom: 10px; color: #333333; font-family: arial, helvetica, sans-serif; font-size: 12.8128px; font-style: normal; font-weight: 400;\"><strong>\u00a0<\/strong><strong>\u00a0<\/strong><\/p><p style=\"margin-bottom: 10px; color: #333333; font-family: arial, helvetica, sans-serif; font-size: 12.8128px; font-style: normal; font-weight: 400;\"><strong>Haftung f\u00fcr Inhalte<\/strong><\/p><p style=\"margin-bottom: 10px; color: #333333; font-family: arial, helvetica, sans-serif; font-size: 12.8128px; font-style: normal; font-weight: 400;\">Als Diensteanbieter sind wir gem\u00e4\u00df \u00a7 7 Abs.1 TMG f\u00fcr eigene Inhalte auf diesen Seiten nach den<\/p><p style=\"margin-bottom: 10px; color: #333333; font-family: arial, helvetica, sans-serif; font-size: 12.8128px; font-style: normal; font-weight: 400;\">allgemeinen Gesetzen verantwortlich. Nach \u00a7\u00a7 8 bis 10 TMG sind wir als Diensteanbieter jedoch nicht<\/p><p style=\"margin-bottom: 10px; color: #333333; font-family: arial, helvetica, sans-serif; font-size: 12.8128px; font-style: normal; font-weight: 400;\">verpflichtet, \u00fcbermittelte oder gespeicherte fremde Informationen zu \u00fcberwachen oder nach Umst\u00e4nden<\/p><p style=\"margin-bottom: 10px; color: #333333; font-family: arial, helvetica, sans-serif; font-size: 12.8128px; font-style: normal; font-weight: 400;\">zu forschen, die auf eine rechtswidrige T\u00e4tigkeit hinweisen.<\/p><p style=\"margin-bottom: 10px; color: #333333; font-family: arial, helvetica, sans-serif; font-size: 12.8128px; font-style: normal; font-weight: 400;\">Verpflichtungen zur Entfernung oder Sperrung der Nutzung von Informationen nach den allgemeinen<\/p><p style=\"margin-bottom: 10px; color: #333333; font-family: arial, helvetica, sans-serif; font-size: 12.8128px; font-style: normal; font-weight: 400;\">Gesetzen bleiben hiervon unber\u00fchrt. Eine diesbez\u00fcgliche Haftung ist jedoch erst ab dem Zeitpunkt der<\/p><p style=\"margin-bottom: 10px; color: #333333; font-family: arial, helvetica, sans-serif; font-size: 12.8128px; font-style: normal; font-weight: 400;\">Kenntnis einer konkreten Rechtsverletzung m\u00f6glich. Bei Bekanntwerden von entsprechenden<\/p><p style=\"margin-bottom: 10px; color: #333333; font-family: arial, helvetica, sans-serif; font-size: 12.8128px; font-style: normal; font-weight: 400;\">Rechtsverletzungen werden wir diese Inhalte umgehend entfernen.<\/p><p style=\"margin-bottom: 10px; color: #333333; font-family: arial, helvetica, sans-serif; font-size: 12.8128px; font-style: normal; font-weight: 400;\"><strong>\u00a0<\/strong><strong>\u00a0<\/strong><\/p><p style=\"margin-bottom: 10px; color: #333333; font-family: arial, helvetica, sans-serif; font-size: 12.8128px; font-style: normal; font-weight: 400;\"><strong>Haftung f\u00fcr Links<\/strong><\/p><p style=\"margin-bottom: 10px; color: #333333; font-family: arial, helvetica, sans-serif; font-size: 12.8128px; font-style: normal; font-weight: 400;\">Unser Angebot enth\u00e4lt Links zu externen Websites Dritter, auf deren Inhalte wir keinen Einfluss haben.<\/p><p style=\"margin-bottom: 10px; color: #333333; font-family: arial, helvetica, sans-serif; font-size: 12.8128px; font-style: normal; font-weight: 400;\">Deshalb k\u00f6nnen wir f\u00fcr diese fremden Inhalte auch keine Gew\u00e4hr \u00fcbernehmen. F\u00fcr die Inhalte der<\/p><p style=\"margin-bottom: 10px; color: #333333; font-family: arial, helvetica, sans-serif; font-size: 12.8128px; font-style: normal; font-weight: 400;\">verlinkten Seiten ist stets der jeweilige Anbieter oder Betreiber der Seiten verantwortlich. Die verlinkten<\/p><p style=\"margin-bottom: 10px; color: #333333; font-family: arial, helvetica, sans-serif; font-size: 12.8128px; font-style: normal; font-weight: 400;\">Seiten wurden zum Zeitpunkt der Verlinkung auf m\u00f6gliche Rechtsverst\u00f6\u00dfe \u00fcberpr\u00fcft. Rechtswidrige<\/p><p style=\"margin-bottom: 10px; color: #333333; font-family: arial, helvetica, sans-serif; font-size: 12.8128px; font-style: normal; font-weight: 400;\">Inhalte waren zum Zeitpunkt der Verlinkung nicht erkennbar.<\/p><p style=\"margin-bottom: 10px; color: #333333; font-family: arial, helvetica, sans-serif; font-size: 12.8128px; font-style: normal; font-weight: 400;\">Eine permanente inhaltliche Kontrolle der verlinkten Seiten ist jedoch ohne konkrete Anhaltspunkte einer<\/p><p style=\"margin-bottom: 10px; color: #333333; font-family: arial, helvetica, sans-serif; font-size: 12.8128px; font-style: normal; font-weight: 400;\">Rechtsverletzung nicht zumutbar. Bei Bekanntwerden von Rechtsverletzungen werden wir derartige Links<\/p><p style=\"margin-bottom: 10px; color: #333333; font-family: arial, helvetica, sans-serif; font-size: 12.8128px; font-style: normal; font-weight: 400;\">umgehend entfernen.<\/p><p style=\"margin-bottom: 10px; color: #333333; font-family: arial, helvetica, sans-serif; font-size: 12.8128px; font-style: normal; font-weight: 400;\"><strong>\u00a0<\/strong><strong>\u00a0<\/strong><\/p><p style=\"margin-bottom: 10px; color: #333333; font-family: arial, helvetica, sans-serif; font-size: 12.8128px; font-style: normal; font-weight: 400;\"><strong>Urheberrecht<\/strong><\/p><p style=\"margin-bottom: 10px; color: #333333; font-family: arial, helvetica, sans-serif; font-size: 12.8128px; font-style: normal; font-weight: 400;\">Die durch die Seitenbetreiber erstellten Inhalte und Werke auf diesen Seiten unterliegen dem deutschen<\/p><p style=\"margin-bottom: 10px; color: #333333; font-family: arial, helvetica, sans-serif; font-size: 12.8128px; font-style: normal; font-weight: 400;\">Urheberrecht. Die Vervielf\u00e4ltigung, Bearbeitung, Verbreitung und jede Art der Verwertung au\u00dferhalb der<\/p><p style=\"margin-bottom: 10px; color: #333333; font-family: arial, helvetica, sans-serif; font-size: 12.8128px; font-style: normal; font-weight: 400;\">Grenzen des Urheberrechtes bed\u00fcrfen der schriftlichen Zustimmung des jeweiligen Autors bzw.<\/p><p style=\"margin-bottom: 10px; color: #333333; font-family: arial, helvetica, sans-serif; font-size: 12.8128px; font-style: normal; font-weight: 400;\">Erstellers. Downloads und Kopien dieser Seite sind nur f\u00fcr den privaten, nicht kommerziellen Gebrauch<\/p><p style=\"margin-bottom: 10px; color: #333333; font-family: arial, helvetica, sans-serif; font-size: 12.8128px; font-style: normal; font-weight: 400;\">gestattet.<\/p><p style=\"margin-bottom: 10px; color: #333333; font-family: arial, helvetica, sans-serif; font-size: 12.8128px; font-style: normal; font-weight: 400;\">Soweit die Inhalte auf dieser Seite nicht vom Betreiber erstellt wurden, werden die Urheberrechte Dritter<\/p><p style=\"margin-bottom: 10px; color: #333333; font-family: arial, helvetica, sans-serif; font-size: 12.8128px; font-style: normal; font-weight: 400;\">beachtet. Insbesondere werden Inhalte Dritter als solche gekennzeichnet. Sollten Sie trotzdem auf eine<\/p><p style=\"margin-bottom: 10px; color: #333333; font-family: arial, helvetica, sans-serif; font-size: 12.8128px; font-style: normal; font-weight: 400;\">Urheberrechtsverletzung aufmerksam werden, bitten wir um einen entsprechenden Hinweis. Bei<\/p><p style=\"margin-bottom: 10px; color: #333333; font-family: arial, helvetica, sans-serif; font-size: 12.8128px; font-style: normal; font-weight: 400;\">Bekanntwerden von Rechtsverletzungen werden wir derartige Inhalte umgehend entfernen.<\/p><p style=\"margin-bottom: 10px; color: #333333; font-family: arial, helvetica, sans-serif; font-size: 12.8128px; font-style: normal; font-weight: 400;\">\u00a0<\/p><p style=\"margin-bottom: 10px; color: #333333; font-family: arial, helvetica, sans-serif; font-size: 12.8128px; font-style: normal; font-weight: 400;\"><span style=\"font-size: 8pt;\">Quelle:\u00a0<a style=\"color: #000000; text-decoration-line: underline;\" href=\"https:\/\/www.e-recht24.de\/\">https:\/\/www.e-recht24.de<\/a><\/span><\/p>\t\t\t\t\t<\/div>\n\t\t\t\t\t\t<\/div>\n\t\t\t\t<\/div>\n\t\t\t\t\t\t<\/div>\n\t\t\t\t\t<\/div>\n\t\t<\/div>\n\t\t\t\t\t\t\t\t<\/div>\n\t\t\t\t\t<\/div>\n\t\t<\/section>\n\t\t\t\t\t\t\t\t\t<\/div>\n\t\t\t<\/div>\n\t\t\t\t\t<\/div>\n\t\t","protected":false},"excerpt":{"rendered":"<p>Angaben gem\u00e4\u00df \u00a7 5 TMG: Stadt Wertingen Schulstr. 12 86637 Wertingen \u00a0 Vertreten durch: 1. B\u00fcrgermeister Willy Lehmeier \u00a0 Kontakt: Telefon: 08272 \/ 84 0 Telefax: 08272 \/ 84 469 E-Mail:\u00a0poststelle@vg-wertingen.de \u00a0 Zust\u00e4ndige Aufsichtsbeh\u00f6rde: Landratsamt Dillingen a.d. Donau Gro\u00dfe Allee&hellip; <\/p>\n","protected":false},"author":1,"featured_media":0,"parent":0,"menu_order":0,"comment_status":"closed","ping_status":"closed","template":"","meta":[],"_links":{"self":[{"href":"https:\/\/sonnenschein-wertingen.de\/index.php?rest_route=\/wp\/v2\/pages\/26"}],"collection":[{"href":"https:\/\/sonnenschein-wertingen.de\/index.php?rest_route=\/wp\/v2\/pages"}],"about":[{"href":"https:\/\/sonnenschein-wertingen.de\/index.php?rest_route=\/wp\/v2\/types\/page"}],"author":[{"embeddable":true,"href":"https:\/\/sonnenschein-wertingen.de\/index.php?rest_route=\/wp\/v2\/users\/1"}],"replies":[{"embeddable":true,"href":"https:\/\/sonnenschein-wertingen.de\/index.php?rest_route=%2Fwp%2Fv2%2Fcomments&post=26"}],"version-history":[{"count":10,"href":"https:\/\/sonnenschein-wertingen.de\/index.php?rest_route=\/wp\/v2\/pages\/26\/revisions"}],"predecessor-version":[{"id":643,"href":"https:\/\/sonnenschein-wertingen.de\/index.php?rest_route=\/wp\/v2\/pages\/26\/revisions\/643"}],"wp:attachment":[{"href":"https:\/\/sonnenschein-wertingen.de\/index.php?rest_route=%2Fwp%2Fv2%2Fmedia&parent=26"}],"curies":[{"name":"wp","href":"https:\/\/api.w.org\/{rel}","templated":true}]}}